{"id":8186,"date":"2025-02-10T12:06:19","date_gmt":"2025-02-10T11:06:19","guid":{"rendered":"https:\/\/consmetz.esteri.it\/?page_id=8186"},"modified":"2026-08-12T12:13:51","modified_gmt":"2026-08-12T10:13:51","slug":"avis-de-coucours","status":"publish","type":"page","link":"https:\/\/consmetz.esteri.it\/fr\/servizi-consolari-e-visti\/servizi-per-il-cittadino-italiano\/albo-consolare\/avis-de-coucours\/","title":{"rendered":"Avis de concours"},"content":{"rendered":"<p><strong>\u25ba12\/08\/2026<\/strong> <strong>AVIS DE RECRUTEMENT<\/strong><\/p>\n<p>Une proc\u00e9dure de s\u00e9lection est ouverte pour le recrutement de n\u00b0<strong> 2 employ\u00e9s affect\u00e9s aux fonctions d\u2019assistant(e) administratif(ve), avec un contrat \u00e0 dur\u00e9e d\u00e9termin\u00e9e de 6 mois (\u00e9ventuellement renouvelable une seule fois) aupr\u00e8s du Consulat G\u00e9n\u00e9ral d\u2019Italie \u00e0 Metz<\/strong>.<\/p>\n<p>Les candidatures, comprenant un Curriculum Vitae (accompagn\u00e9 d\u2019une lettre de motivation), devront \u00eatre envoy\u00e9es <strong><u>au plus tard \u00e0 23h59 le 27 ao\u00fbt 2026<\/u><\/strong>, \u00e0 l\u2019adresse \u00e9lectronique <a href=\"mailto:antonella.fontana@esteri.it\">antonella.fontana@esteri.it<\/a><\/p>\n<p>\ud83d\udd0d<a href=\"https:\/\/consmetz.esteri.it\/wp-content\/uploads\/2026\/08\/2026-Avviso-assunzione-firmato_ocred.pdf\"><strong>LIRE L\u2019AVIS ET LES INSTRUCTIONS<\/strong><\/a><\/p>\n<hr \/>\n<p>\u25ba <strong>18\/08\/2025 AVIS DE RECRUTEMENT<\/strong><\/p>\n<p>Une proc\u00e9dure de s\u00e9lection est ouverte pour le recrutement de n\u00b0 <span style=\"text-decoration: underline;\"><strong>1 employ\u00e9(e) sous contrat affect\u00e9(e) aux fonctions d\u2019assistant(e) administratif(ve) pour les besoins de l\u2019Antenne Consulaire de Mulhouse.<\/strong><\/span><\/p>\n<p>Les candidatures aux \u00e9preuves de recrutement, r\u00e9dig\u00e9es selon le mod\u00e8le joint, devront \u00eatre pr\u00e9sent\u00e9es <strong><u>au plus tard \u00e0 23h59 le 02\/09\/2025<\/u><\/strong>.<\/p>\n<p>Les candidatures pourront \u00eatre transmises par voie \u00e9lectronique, sign\u00e9es, scann\u00e9es et accompagn\u00e9es d\u2019une copie d\u2019une pi\u00e8ce d\u2019identit\u00e9 en cours de validit\u00e9, \u00e0 l\u2019adresse \u00e9lectronique suivante : <a href=\"mailto:antonella.fontana@esteri.it\">[antonella.fontana@esteri.it](mailto:antonella.fontana@esteri.it)<\/a>.<\/p>\n<p>\ud83d\udd0d <a href=\"https:\/\/consmetz.esteri.it\/wp-content\/uploads\/2025\/08\/Avviso-assunzione.pdf\" target=\"_blank\" rel=\"noopener\"><strong>LIRE L\u2019AVIS ET LES INSTRUCTIONS<\/strong><\/a><\/p>\n<p>\u270f\ufe0f <strong><a href=\"https:\/\/consmetz.esteri.it\/wp-content\/uploads\/2025\/08\/Modello-di-Domanda.doc\" target=\"_blank\" rel=\"noopener\">FORMULAIRE DE CANDIDATURE<\/a><\/strong><\/p>\n<p>\ud83d\udcd1 <strong>D\u00c9CLARATIONS D\u2019ABSENCE D\u2019INCOMPATIBILIT\u00c9<\/strong> : <a href=\"https:\/\/consmetz.esteri.it\/wp-content\/uploads\/2025\/09\/06-Dichiarazione-assenza-di-incompatibilita-Bubisutti.pdf\" target=\"_blank\" rel=\"noopener\">MEMBRE<\/a>, <a href=\"https:\/\/consmetz.esteri.it\/wp-content\/uploads\/2025\/09\/06-Dichiarazione-assenza-di-incompatibilita-Cam-firmato.pdf\" target=\"_blank\" rel=\"noopener\">SECR\u00c9TAIRE<\/a>, <a href=\"https:\/\/consmetz.esteri.it\/wp-content\/uploads\/2025\/09\/06-Dichiarazione-assenza-di-incompatibilita-Fontana_Firmato.pdf\" target=\"_blank\" rel=\"noopener\">PR\u00c9SIDENT<\/a><\/p>\n<p>\ud83d\udcc6 <a href=\"https:\/\/consmetz.esteri.it\/wp-content\/uploads\/2025\/09\/08-Verbale2-Calendario-prove_Firmatofirmato.pdf\" target=\"_blank\" rel=\"noopener\">CALENDRIER DES \u00c9PREUVES<\/a><\/p>\n<p>\u00c9PREUVES \u00c9CRITES DU 04\/09\/2025 :<br \/>\n\u2714\ufe0fSujet tir\u00e9 au sort : <strong><a href=\"https:\/\/consmetz.esteri.it\/wp-content\/uploads\/2025\/09\/traccia-3.pdf\" target=\"_blank\" rel=\"noopener\">Sujet N\u00b03<\/a><\/strong><\/p>\n<p>\ud83d\udca0Sujets non tir\u00e9s au sort : <strong><a href=\"https:\/\/consmetz.esteri.it\/wp-content\/uploads\/2025\/09\/traccia-1.pdf\" target=\"_blank\" rel=\"noopener\">Sujet N\u00b01<\/a><\/strong> et <strong><a href=\"https:\/\/consmetz.esteri.it\/wp-content\/uploads\/2025\/09\/traccia-2.pdf\" target=\"_blank\" rel=\"noopener\">Sujet N\u00b02<\/a><\/strong><\/p>\n<p>\ud83d\udd34 <strong><a href=\"https:\/\/consmetz.esteri.it\/wp-content\/uploads\/2025\/09\/MULHOUSE-2025-GRADUATORIA-FINALE-DEGLI-IDONEI.pdf\" target=\"_blank\" rel=\"noopener\">CLASSEMENT FINAL<\/a><\/strong><\/p>\n<hr \/>\n<p><strong>\u25ba18\/08\/2025<\/strong> <strong>AVIS DE RECRUTEMENT<\/strong><\/p>\n<p>Une proc\u00e9dure de s\u00e9lection est ouverte pour le recrutement de n\u00b0<strong> 1 employ\u00e9(e) affect\u00e9(e) aux fonctions d\u2019assistant(e) administratif(ve), avec un contrat \u00e0 dur\u00e9e d\u00e9termin\u00e9e de 6 mois (\u00e9ventuellement renouvelable une seule fois) aupr\u00e8s du Consulat G\u00e9n\u00e9ral d\u2019Italie \u00e0 Metz<\/strong>.<\/p>\n<p>Les candidatures, comprenant un Curriculum Vitae (accompagn\u00e9 d\u2019une lettre de motivation), devront \u00eatre envoy\u00e9es <strong><u>au plus tard \u00e0 23h59 le 2 septembre 2025<\/u><\/strong>, \u00e0 l\u2019adresse \u00e9lectronique <a href=\"mailto:antonella.fontana@esteri.it\">[antonella.fontana@esteri.it](mailto:antonella.fontana@esteri.it)<\/a>.<\/p>\n<p>\ud83d\udd0d<strong><a href=\"https:\/\/consmetz.esteri.it\/wp-content\/uploads\/2025\/08\/concorso-temporaneo-cg-metz.pdf\" target=\"_blank\" rel=\"noopener\">LIRE L\u2019AVIS ET LES INSTRUCTIONS<\/a><\/strong><\/p>\n<hr \/>\n<p>\u25ba<strong>08\/05\/2024 AVIS DE RECRUTEMENT<\/strong><\/p>\n<p>1 employ\u00e9(e) affect\u00e9(e) aux fonctions d\u2019assistant(e) administratif(ve)<\/p>\n<p>\ud83d\udd0d <a href=\"https:\/\/consmetz.esteri.it\/wp-content\/uploads\/2024\/08\/AVVISO-CONCORSO-ASSISTENTE-AMMINISTRATIVO-A-CONTRATTO-08-05-2024.pdf\"><strong>LIRE L\u2019AVIS ET LES INSTRUCTIONS<\/strong><\/a><\/p>\n<p>\u2747\ufe0f <a href=\"https:\/\/consmetz.esteri.it\/wp-content\/uploads\/2025\/11\/08052024-metz-nomina-commissione.pdf\"><strong>NOMINATION DE LA COMMISSION<\/strong><\/a><\/p>\n<p>\u2747\ufe0f <strong><a href=\"https:\/\/consmetz.esteri.it\/wp-content\/uploads\/2024\/07\/VERBALE-2-CALENDARIO-DELLE-PROVE-DESAME-3.pdf\" rel=\"attachment wp-att-3453\">PROC\u00c8S-VERBAL DES CRIT\u00c8RES DE LA COMMISSION<\/a> <\/strong><\/p>\n<p>\ud83d\udcd1 <a href=\"https:\/\/consmetz.esteri.it\/wp-content\/uploads\/2024\/07\/06-Dichiarazione-assenza-cause-di-incompatibilita-dei-membri-di-Commissione-2.pdf\"><strong>D\u00c9CLARATIONS D\u2019ABSENCE D\u2019INCOMPATIBILIT\u00c9<\/strong><\/a><\/p>\n<p>\ud83d\udd34 <strong><a href=\"https:\/\/consmetz.esteri.it\/wp-content\/uploads\/2024\/07\/Graduatoria-finale-degli-idonei-1.pdf\" target=\"_blank\" rel=\"noopener\">CLASSEMENT FINAL<\/a> <\/strong><strong>\ud83d\udd34<a href=\"https:\/\/consmetz.esteri.it\/wp-content\/uploads\/2024\/08\/GRADUATORIA-FINALE-DEGLI-IDONEI-2.pdf\" target=\"_blank\" rel=\"noopener\">CLASSEMENT FINAL &#8211; VERSION D\u00c9FINITIVE (05\/08\/2024)<\/a><\/strong><\/p>\n<p>\ud83d\udca0<a href=\"https:\/\/consmetz.esteri.it\/wp-content\/uploads\/2024\/07\/Tracce-prove-scritte.pdf\">Sujets des \u00e9preuves \u00e9crites<\/a><\/p>\n<hr \/>\n<p><strong>\u25ba08\/03\/2022 AVIS DE RECRUTEMENT<\/strong><\/p>\n<p>Une proc\u00e9dure de s\u00e9lection est ouverte pour le recrutement de n\u00b0 <span style=\"text-decoration: underline;\"><strong>1 employ\u00e9(e) sous contrat affect\u00e9(e) aux fonctions d\u2019assistant(e) aupr\u00e8s de l\u2019Antenne Consulaire de Mulhouse.<\/strong><\/span><\/p>\n<p>\ud83d\udd0d <a href=\"https:\/\/consmetz.esteri.it\/wp-content\/uploads\/2025\/11\/mul-08032022-avviso-assunzione.pdf\"><strong>LIRE L\u2019AVIS ET LES INSTRUCTIONS<\/strong><\/a><\/p>\n<p>\u2747\ufe0f <a href=\"https:\/\/consmetz.esteri.it\/wp-content\/uploads\/2025\/11\/mul-08032022-nomina-commissione.pdf\"><strong>NOMINATION DE LA COMMISSION<\/strong><\/a><\/p>\n<p>\ud83d\udd34<a href=\"https:\/\/consmetz.esteri.it\/wp-content\/uploads\/2025\/11\/mul-08032022-graduatoria.pdf\"> <strong>CLASSEMENT FINAL<\/strong><\/a><\/p>\n<p><em>Aucune autre documentation relative \u00e0 cet avis n\u2019a \u00e9t\u00e9 retrouv\u00e9e dans les archives de ce Poste.<\/em><\/p>\n<hr \/>\n<p>\u25ba<strong>15\/12\/2020 AVIS DE RECRUTEMENT<\/strong><\/p>\n<p>Une proc\u00e9dure de s\u00e9lection est ouverte pour le recrutement de n\u00b0 <span style=\"text-decoration: underline;\"><strong>1 employ\u00e9(e) sous contrat affect\u00e9(e) aux fonctions d\u2019assistant(e) administratif(ve) aupr\u00e8s de l\u2019Antenne Consulaire de Mulhouse.<\/strong><\/span><\/p>\n<p>\ud83d\udd0d <a href=\"https:\/\/consmetz.esteri.it\/wp-content\/uploads\/2025\/11\/avviso-assunzione-15122020.pdf\"><strong>LIRE L\u2019AVIS ET LES INSTRUCTIONS<\/strong><\/a><\/p>\n<hr \/>\n<p>\u25ba<strong>15\/12\/2020 AVIS DE RECRUTEMENT<\/strong><\/p>\n<p>Une proc\u00e9dure de s\u00e9lection est ouverte pour le recrutement de n\u00b0 <span style=\"text-decoration: underline;\"><strong>1 employ\u00e9(e) sous contrat affect\u00e9(e) aux fonctions d\u2019assistant(e) administratif(ve) aupr\u00e8s du Consulat G\u00e9n\u00e9ral d\u2019Italie \u00e0 Metz.<\/strong><\/span><\/p>\n<p>\ud83d\udd0d<a href=\"https:\/\/consmetz.esteri.it\/wp-content\/uploads\/2025\/11\/AVVISO-concorso-metz-15122020.pdf\"> <strong>LIRE L\u2019AVIS ET LES INSTRUCTIONS<\/strong><\/a><\/p>\n<p>\u2747\ufe0f <strong><a href=\"https:\/\/consmetz.esteri.it\/wp-content\/uploads\/2025\/11\/concorso-15122020-atto-nomina-commissione.pdf\">NOMINATION DE LA COMMISSION<\/a> <\/strong><\/p>\n<p>\ud83d\udd34 <strong><a href=\"https:\/\/consmetz.esteri.it\/wp-content\/uploads\/2025\/11\/concorso-metz-15122020-graduatoria-finale.pdf\">CLASSEMENT FINAL<\/a><\/strong><\/p>\n<p><em>Aucune autre documentation relative \u00e0 cet avis n\u2019a \u00e9t\u00e9 retrouv\u00e9e dans les archives de ce Poste.<\/em><\/p>\n<hr \/>\n<p>&nbsp;<\/p>\n<p><em>Aucune documentation relative \u00e0 des concours organis\u00e9s en 2023 et 2021 ne figure dans les archives de ce Poste.<\/em><\/p>\n<hr \/>\n<p>Derni\u00e8re mise \u00e0 jour de cette page: 10\/06\/2026<\/p>\n<p>&nbsp;<\/p>\n","protected":false},"excerpt":{"rendered":"\u25ba12\/08\/2026 AVIS DE RECRUTEMENT Une proc\u00e9dure de s\u00e9lection est ouverte pour le recrutement de n\u00b0 2 employ\u00e9s affect\u00e9s aux fonctions d\u2019assistant(e) administratif(ve), avec un contrat \u00e0 dur\u00e9e d\u00e9termin\u00e9e de 6 mois (\u00e9ventuellement renouvelable une seule fois) aupr\u00e8s du Consulat G\u00e9n\u00e9ral d\u2019Italie \u00e0 Metz. Les candidatures, comprenant un Curriculum Vitae (accompagn\u00e9 d\u2019une lettre de motivation), devront [&hellip;]","protected":false},"author":9,"featured_media":0,"parent":1800,"menu_order":2,"comment_status":"closed","ping_status":"closed","template":"","meta":{"footnotes":""},"class_list":["post-8186","page","type-page","status-publish","hentry"],"_links":{"self":[{"href":"https:\/\/consmetz.esteri.it\/fr\/wp-json\/wp\/v2\/pages\/8186","targetHints":{"allow":["GET"]}}],"collection":[{"href":"https:\/\/consmetz.esteri.it\/fr\/wp-json\/wp\/v2\/pages"}],"about":[{"href":"https:\/\/consmetz.esteri.it\/fr\/wp-json\/wp\/v2\/types\/page"}],"author":[{"embeddable":true,"href":"https:\/\/consmetz.esteri.it\/fr\/wp-json\/wp\/v2\/users\/9"}],"replies":[{"embeddable":true,"href":"https:\/\/consmetz.esteri.it\/fr\/wp-json\/wp\/v2\/comments?post=8186"}],"version-history":[{"count":6,"href":"https:\/\/consmetz.esteri.it\/fr\/wp-json\/wp\/v2\/pages\/8186\/revisions"}],"predecessor-version":[{"id":9103,"href":"https:\/\/consmetz.esteri.it\/fr\/wp-json\/wp\/v2\/pages\/8186\/revisions\/9103"}],"up":[{"embeddable":true,"href":"https:\/\/consmetz.esteri.it\/fr\/wp-json\/wp\/v2\/pages\/1800"}],"wp:attachment":[{"href":"https:\/\/consmetz.esteri.it\/fr\/wp-json\/wp\/v2\/media?parent=8186"}],"curies":[{"name":"wp","href":"https:\/\/api.w.org\/{rel}","templated":true}]}}